{"id":3014,"date":"2017-03-23T07:36:44","date_gmt":"2017-03-23T07:36:44","guid":{"rendered":"https:\/\/www.santuarideterrades.cat\/wedding\/"},"modified":"2023-02-06T15:53:27","modified_gmt":"2023-02-06T15:53:27","slug":"temple","status":"publish","type":"page","link":"https:\/\/www.santuarideterrades.cat\/fr\/temple\/","title":{"rendered":"Le Temple"},"content":{"rendered":"<p>[vc_row 0=\u00a0\u00bb\u00a0\u00bb][vc_column offset=\u00a0\u00bbvc_col-lg-offset-2 vc_col-lg-8 vc_col-md-offset-2 vc_col-md-8&Prime;][fleurdesel_heading title_size=\u00a0\u00bbDefault\u00a0\u00bb align=\u00a0\u00bbcenter\u00a0\u00bb title=\u00a0\u00bbLe Sanctuaire de la Mare de D\u00e9u de la Salut\u00a0\u00bb subtitle=\u00a0\u00bbLE TEMPLE\u00a0\u00bb css=\u00a0\u00bb.vc_custom_1675698796722{margin-bottom: 40px !important;padding-top: 100px !important;}\u00a0\u00bb][vc_column_text css=\u00a0\u00bb.vc_custom_1660058633058{margin-bottom: 80px !important;padding-right: 30px !important;padding-left: 30px !important;}\u00a0\u00bb]Le Sanctuaire de la Mare de D\u00e9u de Salut de Terrades est l&rsquo;un des points de la comarque de l&rsquo;Alt Empord\u00e0, qui poss\u00e8de une plus grande tradition. L&rsquo;image qui y est v\u00e9n\u00e9r\u00e9e est celle de la Mare de D\u00e9u de la Salut, une image en bois polychrome, du milieu du si\u00e8cle pass\u00e9, une \u0153uvre de Narc\u00eds Salguera, un sculpteur d&rsquo;Olot.[\/vc_column_text][\/vc_column][\/vc_row][vc_row css=\u00a0\u00bb.vc_custom_1491215321364{margin-bottom: 50px !important;}\u00a0\u00bb][vc_column 0=\u00a0\u00bb\u00a0\u00bb][vc_single_image image=\u00a0\u00bb208&Prime; img_size=\u00a0\u00bbfull\u00a0\u00bb alignment=\u00a0\u00bbcenter\u00a0\u00bb][\/vc_column][\/vc_row][vc_row css=\u00a0\u00bb.vc_custom_1491215365578{margin-bottom: 140px !important;}\u00a0\u00bb][vc_column offset=\u00a0\u00bbvc_col-lg-offset-1 vc_col-lg-10 vc_col-md-offset-1 vc_col-md-10&Prime;][vc_column_text 0=\u00a0\u00bb\u00a0\u00bb]Le sanctuaire fut construit au si\u00e8cle XVII, sur les vestiges d&rsquo;une ancienne m\u00e9tairie. Dans le temple, au c\u00f4t\u00e9 gauche du b\u00e2timent, dans une chapelle ouverte, il est encore possible d&rsquo;y trouver le s\u00e9pulcre de Felip Olivet, fondateur et premier ermite du Sanctuaire.<\/p>\n<p>Le temple qu&rsquo;on peut voir dans l&rsquo;actualit\u00e9 est fruit de nombreuses r\u00e9formes qui ont d\u00fb \u00eatre r\u00e9alis\u00e9es apr\u00e8s l&rsquo;endommagement ou m\u00eame la destruction du temple, \u00e0 cons\u00e9quence de diff\u00e9rents \u00e9v\u00e8nements de guerre lors des derniers si\u00e8cles.[\/vc_column_text][\/vc_column][\/vc_row][vc_section full_width=\u00a0\u00bbstretch_row\u00a0\u00bb css=\u00a0\u00bb.vc_custom_1660059142735{padding-top: 100px !important;padding-bottom: 100px !important;background-image: url(https:\/\/www.santuarideterrades.cat\/wp-content\/uploads\/2022\/08\/DJI_0019DJI_0019.jpg?id=2195) !important;background-position: center !important;background-repeat: no-repeat !important;background-size: cover !important;}\u00a0\u00bb][vc_row css=\u00a0\u00bb.vc_custom_1491385448172{padding-bottom: 120px !important;}\u00a0\u00bb][vc_column offset=\u00a0\u00bbvc_col-lg-offset-2 vc_col-lg-8 vc_col-md-offset-2 vc_col-md-8&Prime;][fleurdesel_heading style=\u00a0\u00bbwhite\u00a0\u00bb title_size=\u00a0\u00bbDefault\u00a0\u00bb align=\u00a0\u00bbcenter\u00a0\u00bb title=\u00a0\u00bbMesse\u00a0\u00bb subtitle=\u00a0\u00bbHORAIRE\u00a0\u00bb][\/vc_column][\/vc_row][vc_row 0=\u00a0\u00bb\u00a0\u00bb][vc_column width=\u00a0\u00bb1\/2&Prime; offset=\u00a0\u00bbvc_col-lg-3 vc_col-md-3&Prime;][\/vc_column][vc_column width=\u00a0\u00bb1\/2&Prime;][fleurdesel_iconbox icon_fleurdesel=\u00a0\u00bbfh fh-church\u00a0\u00bb title=\u00a0\u00bbDimanches et jours f\u00e9ri\u00e9s \u00e0 12h00&Prime; link=\u00a0\u00bburl:http%3A%2F%2Fdemo.awethemes.com%2Ffleurdesel%2Fpackage%2Fsurfing-package%2F|||\u00a0\u00bb color=\u00a0\u00bb#ffffff\u00a0\u00bb][\/vc_column][\/vc_row][\/vc_section][vc_section disable_element=\u00a0\u00bbyes\u00a0\u00bb css=\u00a0\u00bb.vc_custom_1660060323576{padding-top: 120px !important;padding-bottom: 120px !important;}\u00a0\u00bb][vc_row content_placement=\u00a0\u00bbmiddle\u00a0\u00bb][vc_column offset=\u00a0\u00bbvc_col-lg-6 vc_col-md-6&Prime; el_class=\u00a0\u00bbpr-md-0&Prime;][vc_single_image image=\u00a0\u00bb539&Prime; img_size=\u00a0\u00bbfull\u00a0\u00bb alignment=\u00a0\u00bbcenter\u00a0\u00bb el_class=\u00a0\u00bbpr-md-0&Prime;][\/vc_column][vc_column offset=\u00a0\u00bbvc_col-lg-6 vc_col-md-6&Prime;][vc_column_text css=\u00a0\u00bb.vc_custom_1500363573021{padding-top: 30px !important;padding-right: 65px !important;padding-bottom: 30px !important;padding-left: 65px !important;}\u00a0\u00bb]<\/p>\n<h3 style=\"text-align: center;\">The Ceremony<\/h3>\n<p style=\"text-align: center; padding-top: 25px; line-height: 1.875;\">We have the perfect place to take your vows with an array of stunning spaces. Our event and wedding experts make sure that everything comes off without a hitch.<\/p>\n<p>[\/vc_column_text][\/vc_column][\/vc_row][vc_row content_placement=\u00a0\u00bbmiddle\u00a0\u00bb][vc_column offset=\u00a0\u00bbvc_col-lg-6 vc_col-md-6&Prime; el_class=\u00a0\u00bbpush-lg-6 pl-md-0&Prime;][vc_single_image image=\u00a0\u00bb537&Prime; img_size=\u00a0\u00bbfull\u00a0\u00bb alignment=\u00a0\u00bbcenter\u00a0\u00bb][\/vc_column][vc_column offset=\u00a0\u00bbvc_col-lg-6 vc_col-md-6&Prime; el_class=\u00a0\u00bbpull-lg-6&Prime;][vc_column_text css=\u00a0\u00bb.vc_custom_1500363582366{padding-top: 30px !important;padding-right: 65px !important;padding-bottom: 30px !important;padding-left: 65px !important;}\u00a0\u00bb]<\/p>\n<h3 style=\"text-align: center;\">The Reception<\/h3>\n<p style=\"text-align: center; padding-top: 25px; line-height: 1.875;\">Celebrate the happiest day of your life with your family and friends in a gorgeous setting customized to your personal style. Our team will take care of all the details so you\u2019re completely free to lose yourself in the moment.<\/p>\n<p>[\/vc_column_text][\/vc_column][\/vc_row][vc_row content_placement=\u00a0\u00bbmiddle\u00a0\u00bb][vc_column offset=\u00a0\u00bbvc_col-lg-6 vc_col-md-6&Prime; el_class=\u00a0\u00bbpr-md-0&Prime;][vc_single_image image=\u00a0\u00bb538&Prime; img_size=\u00a0\u00bbfull\u00a0\u00bb alignment=\u00a0\u00bbcenter\u00a0\u00bb][\/vc_column][vc_column offset=\u00a0\u00bbvc_col-lg-6 vc_col-md-6&Prime;][vc_column_text css=\u00a0\u00bb.vc_custom_1500363593655{padding-top: 30px !important;padding-right: 65px !important;padding-bottom: 30px !important;padding-left: 65px !important;}\u00a0\u00bb]<\/p>\n<h3 style=\"text-align: center;\">Showers &amp; Rehearsal Dinners Wedding<\/h3>\n<p style=\"text-align: center; padding-top: 25px; line-height: 1.875;\">Our buzz-worthy venues, award-winning cuisine and premium mixology set the stage for you, your family and friends to share once-in-a-lifetime, pre-wedding moments that you will treasure forever.<\/p>\n<p>[\/vc_column_text][\/vc_column][\/vc_row][\/vc_section][vc_row disable_element=\u00a0\u00bbyes\u00a0\u00bb css=\u00a0\u00bb.vc_custom_1660212861770{padding-bottom: 150px !important;}\u00a0\u00bb][vc_column width=\u00a0\u00bb1\/6&Prime;][\/vc_column][vc_column width=\u00a0\u00bb2\/3&Prime;][fleurdesel_heading title_size=\u00a0\u00bbDefault\u00a0\u00bb align=\u00a0\u00bbcenter\u00a0\u00bb title=\u00a0\u00bbGalerie d&rsquo;images\u00a0\u00bb subtitle=\u00a0\u00bbLE TEMPLE\u00a0\u00bb][\/vc_column][vc_column width=\u00a0\u00bb1\/6&Prime;][\/vc_column][\/vc_row][vc_row disable_element=\u00a0\u00bbyes\u00a0\u00bb][vc_column][fleurdesel_fullscreen_slider sliders=\u00a0\u00bb%5B%7B%22image%22%3A%22213%22%7D%2C%7B%22image%22%3A%22212%22%7D%2C%7B%22image%22%3A%22211%22%7D%2C%7B%22image%22%3A%22209%22%7D%5D\u00a0\u00bb][\/vc_column][\/vc_row]<\/p>\n","protected":false},"excerpt":{"rendered":"<p>[vc_row 0=\u00a0\u00bb\u00a0\u00bb][vc_column offset=\u00a0\u00bbvc_col-lg-offset-2 vc_col-lg-8 vc_col-md-offset-2 vc_col-md-8&Prime;][fleurdesel_heading title_size=\u00a0\u00bbDefault\u00a0\u00bb align=\u00a0\u00bbcenter\u00a0\u00bb title=\u00a0\u00bbLe Sanctuaire de la Mare de D\u00e9u de la Salut\u00a0\u00bb subtitle=\u00a0\u00bbLE TEMPLE\u00a0\u00bb css=\u00a0\u00bb.vc_custom_1675698796722{margin-bottom: 40px !important;padding-top: 100px !important;}\u00a0\u00bb][vc_column_text css=\u00a0\u00bb.vc_custom_1660058633058{margin-bottom: 80px !important;padding-right: 30px !important;padding-left: 30px !important;}\u00a0\u00bb]Le Sanctuaire de la Mare de D\u00e9u de Salut de Terrades est l&rsquo;un des points de la comarque de l&rsquo;Alt Empord\u00e0, qui poss\u00e8de une [&hellip;]<\/p>\n","protected":false},"author":3,"featured_media":0,"parent":0,"menu_order":0,"comment_status":"closed","ping_status":"closed","template":"templates\/page-builder.php","meta":{"footnotes":""},"class_list":["post-3014","page","type-page","status-publish","hentry"],"yoast_head":"<!-- This site is optimized with the Yoast SEO plugin v24.6 - https:\/\/yoast.com\/wordpress\/plugins\/seo\/ -->\n<title>Le Temple - Santuari de Terrades<\/title>\n<meta name=\"robots\" content=\"index, follow, max-snippet:-1, max-image-preview:large, max-video-preview:-1\" \/>\n<link rel=\"canonical\" href=\"https:\/\/www.santuarideterrades.cat\/fr\/temple\/\" \/>\n<meta property=\"og:locale\" content=\"fr_FR\" \/>\n<meta property=\"og:type\" content=\"article\" \/>\n<meta property=\"og:title\" content=\"Le Temple - Santuari de Terrades\" \/>\n<meta property=\"og:description\" content=\"[vc_row 0=\u00a0\u00bb\u00a0\u00bb][vc_column offset=\u00a0\u00bbvc_col-lg-offset-2 vc_col-lg-8 vc_col-md-offset-2 vc_col-md-8&Prime;][fleurdesel_heading title_size=\u00a0\u00bbDefault\u00a0\u00bb align=\u00a0\u00bbcenter\u00a0\u00bb title=\u00a0\u00bbLe Sanctuaire de la Mare de D\u00e9u de la Salut\u00a0\u00bb subtitle=\u00a0\u00bbLE TEMPLE\u00a0\u00bb css=\u00a0\u00bb.vc_custom_1675698796722{margin-bottom: 40px !important;padding-top: 100px !important;}\u00a0\u00bb][vc_column_text css=\u00a0\u00bb.vc_custom_1660058633058{margin-bottom: 80px !important;padding-right: 30px !important;padding-left: 30px !important;}\u00a0\u00bb]Le Sanctuaire de la Mare de D\u00e9u de Salut de Terrades est l&rsquo;un des points de la comarque de l&rsquo;Alt Empord\u00e0, qui poss\u00e8de une [&hellip;]\" \/>\n<meta property=\"og:url\" content=\"https:\/\/www.santuarideterrades.cat\/fr\/temple\/\" \/>\n<meta property=\"og:site_name\" content=\"Santuari de Terrades\" \/>\n<meta property=\"article:modified_time\" content=\"2023-02-06T15:53:27+00:00\" \/>\n<meta name=\"twitter:card\" content=\"summary_large_image\" \/>\n<meta name=\"twitter:label1\" content=\"Dur\u00e9e de lecture estim\u00e9e\" \/>\n\t<meta name=\"twitter:data1\" content=\"3 minutes\" \/>\n<script type=\"application\/ld+json\" class=\"yoast-schema-graph\">{\"@context\":\"https:\/\/schema.org\",\"@graph\":[{\"@type\":\"WebPage\",\"@id\":\"https:\/\/www.santuarideterrades.cat\/fr\/temple\/\",\"url\":\"https:\/\/www.santuarideterrades.cat\/fr\/temple\/\",\"name\":\"Le Temple - Santuari de Terrades\",\"isPartOf\":{\"@id\":\"https:\/\/www.santuarideterrades.cat\/#website\"},\"datePublished\":\"2017-03-23T07:36:44+00:00\",\"dateModified\":\"2023-02-06T15:53:27+00:00\",\"breadcrumb\":{\"@id\":\"https:\/\/www.santuarideterrades.cat\/fr\/temple\/#breadcrumb\"},\"inLanguage\":\"fr-FR\",\"potentialAction\":[{\"@type\":\"ReadAction\",\"target\":[\"https:\/\/www.santuarideterrades.cat\/fr\/temple\/\"]}]},{\"@type\":\"BreadcrumbList\",\"@id\":\"https:\/\/www.santuarideterrades.cat\/fr\/temple\/#breadcrumb\",\"itemListElement\":[{\"@type\":\"ListItem\",\"position\":1,\"name\":\"Inici\",\"item\":\"https:\/\/www.santuarideterrades.cat\/\"},{\"@type\":\"ListItem\",\"position\":2,\"name\":\"Le Temple\"}]},{\"@type\":\"WebSite\",\"@id\":\"https:\/\/www.santuarideterrades.cat\/#website\",\"url\":\"https:\/\/www.santuarideterrades.cat\/\",\"name\":\"Santuari de Terrades\",\"description\":\"Santuari de la Mare de D\u00e9u  de la Salut\",\"publisher\":{\"@id\":\"https:\/\/www.santuarideterrades.cat\/#organization\"},\"potentialAction\":[{\"@type\":\"SearchAction\",\"target\":{\"@type\":\"EntryPoint\",\"urlTemplate\":\"https:\/\/www.santuarideterrades.cat\/?s={search_term_string}\"},\"query-input\":{\"@type\":\"PropertyValueSpecification\",\"valueRequired\":true,\"valueName\":\"search_term_string\"}}],\"inLanguage\":\"fr-FR\"},{\"@type\":\"Organization\",\"@id\":\"https:\/\/www.santuarideterrades.cat\/#organization\",\"name\":\"Restaurant i Hostatgeria del Santuari de la Salut de Terrades\",\"url\":\"https:\/\/www.santuarideterrades.cat\/\",\"logo\":{\"@type\":\"ImageObject\",\"inLanguage\":\"fr-FR\",\"@id\":\"https:\/\/www.santuarideterrades.cat\/#\/schema\/logo\/image\/\",\"url\":\"https:\/\/www.santuarideterrades.cat\/wp-content\/uploads\/2022\/08\/LOGO-LA-SALUT-DE-TERRADES-fosc.png\",\"contentUrl\":\"https:\/\/www.santuarideterrades.cat\/wp-content\/uploads\/2022\/08\/LOGO-LA-SALUT-DE-TERRADES-fosc.png\",\"width\":2000,\"height\":826,\"caption\":\"Restaurant i Hostatgeria del Santuari de la Salut de Terrades\"},\"image\":{\"@id\":\"https:\/\/www.santuarideterrades.cat\/#\/schema\/logo\/image\/\"}}]}<\/script>\n<!-- \/ Yoast SEO plugin. -->","yoast_head_json":{"title":"Le Temple - Santuari de Terrades","robots":{"index":"index","follow":"follow","max-snippet":"max-snippet:-1","max-image-preview":"max-image-preview:large","max-video-preview":"max-video-preview:-1"},"canonical":"https:\/\/www.santuarideterrades.cat\/fr\/temple\/","og_locale":"fr_FR","og_type":"article","og_title":"Le Temple - Santuari de Terrades","og_description":"[vc_row 0=\u00a0\u00bb\u00a0\u00bb][vc_column offset=\u00a0\u00bbvc_col-lg-offset-2 vc_col-lg-8 vc_col-md-offset-2 vc_col-md-8&Prime;][fleurdesel_heading title_size=\u00a0\u00bbDefault\u00a0\u00bb align=\u00a0\u00bbcenter\u00a0\u00bb title=\u00a0\u00bbLe Sanctuaire de la Mare de D\u00e9u de la Salut\u00a0\u00bb subtitle=\u00a0\u00bbLE TEMPLE\u00a0\u00bb css=\u00a0\u00bb.vc_custom_1675698796722{margin-bottom: 40px !important;padding-top: 100px !important;}\u00a0\u00bb][vc_column_text css=\u00a0\u00bb.vc_custom_1660058633058{margin-bottom: 80px !important;padding-right: 30px !important;padding-left: 30px !important;}\u00a0\u00bb]Le Sanctuaire de la Mare de D\u00e9u de Salut de Terrades est l&rsquo;un des points de la comarque de l&rsquo;Alt Empord\u00e0, qui poss\u00e8de une [&hellip;]","og_url":"https:\/\/www.santuarideterrades.cat\/fr\/temple\/","og_site_name":"Santuari de Terrades","article_modified_time":"2023-02-06T15:53:27+00:00","twitter_card":"summary_large_image","twitter_misc":{"Dur\u00e9e de lecture estim\u00e9e":"3 minutes"},"schema":{"@context":"https:\/\/schema.org","@graph":[{"@type":"WebPage","@id":"https:\/\/www.santuarideterrades.cat\/fr\/temple\/","url":"https:\/\/www.santuarideterrades.cat\/fr\/temple\/","name":"Le Temple - Santuari de Terrades","isPartOf":{"@id":"https:\/\/www.santuarideterrades.cat\/#website"},"datePublished":"2017-03-23T07:36:44+00:00","dateModified":"2023-02-06T15:53:27+00:00","breadcrumb":{"@id":"https:\/\/www.santuarideterrades.cat\/fr\/temple\/#breadcrumb"},"inLanguage":"fr-FR","potentialAction":[{"@type":"ReadAction","target":["https:\/\/www.santuarideterrades.cat\/fr\/temple\/"]}]},{"@type":"BreadcrumbList","@id":"https:\/\/www.santuarideterrades.cat\/fr\/temple\/#breadcrumb","itemListElement":[{"@type":"ListItem","position":1,"name":"Inici","item":"https:\/\/www.santuarideterrades.cat\/"},{"@type":"ListItem","position":2,"name":"Le Temple"}]},{"@type":"WebSite","@id":"https:\/\/www.santuarideterrades.cat\/#website","url":"https:\/\/www.santuarideterrades.cat\/","name":"Santuari de Terrades","description":"Santuari de la Mare de D\u00e9u  de la Salut","publisher":{"@id":"https:\/\/www.santuarideterrades.cat\/#organization"},"potentialAction":[{"@type":"SearchAction","target":{"@type":"EntryPoint","urlTemplate":"https:\/\/www.santuarideterrades.cat\/?s={search_term_string}"},"query-input":{"@type":"PropertyValueSpecification","valueRequired":true,"valueName":"search_term_string"}}],"inLanguage":"fr-FR"},{"@type":"Organization","@id":"https:\/\/www.santuarideterrades.cat\/#organization","name":"Restaurant i Hostatgeria del Santuari de la Salut de Terrades","url":"https:\/\/www.santuarideterrades.cat\/","logo":{"@type":"ImageObject","inLanguage":"fr-FR","@id":"https:\/\/www.santuarideterrades.cat\/#\/schema\/logo\/image\/","url":"https:\/\/www.santuarideterrades.cat\/wp-content\/uploads\/2022\/08\/LOGO-LA-SALUT-DE-TERRADES-fosc.png","contentUrl":"https:\/\/www.santuarideterrades.cat\/wp-content\/uploads\/2022\/08\/LOGO-LA-SALUT-DE-TERRADES-fosc.png","width":2000,"height":826,"caption":"Restaurant i Hostatgeria del Santuari de la Salut de Terrades"},"image":{"@id":"https:\/\/www.santuarideterrades.cat\/#\/schema\/logo\/image\/"}}]}},"jetpack_sharing_enabled":true,"_links":{"self":[{"href":"https:\/\/www.santuarideterrades.cat\/fr\/wp-json\/wp\/v2\/pages\/3014","targetHints":{"allow":["GET"]}}],"collection":[{"href":"https:\/\/www.santuarideterrades.cat\/fr\/wp-json\/wp\/v2\/pages"}],"about":[{"href":"https:\/\/www.santuarideterrades.cat\/fr\/wp-json\/wp\/v2\/types\/page"}],"author":[{"embeddable":true,"href":"https:\/\/www.santuarideterrades.cat\/fr\/wp-json\/wp\/v2\/users\/3"}],"replies":[{"embeddable":true,"href":"https:\/\/www.santuarideterrades.cat\/fr\/wp-json\/wp\/v2\/comments?post=3014"}],"version-history":[{"count":4,"href":"https:\/\/www.santuarideterrades.cat\/fr\/wp-json\/wp\/v2\/pages\/3014\/revisions"}],"predecessor-version":[{"id":3018,"href":"https:\/\/www.santuarideterrades.cat\/fr\/wp-json\/wp\/v2\/pages\/3014\/revisions\/3018"}],"wp:attachment":[{"href":"https:\/\/www.santuarideterrades.cat\/fr\/wp-json\/wp\/v2\/media?parent=3014"}],"curies":[{"name":"wp","href":"https:\/\/api.w.org\/{rel}","templated":true}]}}